{"id":179302,"date":"2023-07-07T12:08:39","date_gmt":"2023-07-07T10:08:39","guid":{"rendered":"https:\/\/ekkla.ch\/?post_type=product&#038;p=179302"},"modified":"2023-07-19T14:53:27","modified_gmt":"2023-07-19T12:53:27","slug":"hangeleuchte-emmit-o34-cm-blau-liewood","status":"publish","type":"product","link":"https:\/\/ekkla.ch\/de\/produit\/hangeleuchte-emmit-o34-cm-blau-liewood\/","title":{"rendered":"H\u00e4ngeleuchte Emmit &#8211;  \u00d834 cm &#8211; Blau &#8211; Liewood"},"content":{"rendered":"<p>Die H\u00e4ngeleuchte Emmit von Liewood ist die perfekte Wahl, um dem Kinderzimmer einen Hauch von Charme und Eleganz zu verleihen. Sorgf\u00e4ltig aus hochwertigen und langlebigen Materialien gefertigt, vereint diese H\u00e4ngeleuchte Funktionalit\u00e4t und \u00c4sthetik auf harmonische Weise. Ihr minimalistisches, skandinavisches Design f\u00fcgt sich nahtlos in jeden Einrichtungsstil ein. Diese H\u00e4ngeleuchte ist nicht nur ein dekoratives Element, sondern auch eine funktionale Beleuchtung f\u00fcr das Zimmer Ihres Kindes. Sie verbreitet ein angenehmes und beruhigendes Licht, das sich ideal zum Lesen oder Spielen eignet. Dar\u00fcber hinaus ist die H\u00e4ngeleuchte Emmit einfach zu installieren und zu pflegen.<\/p>\n<p>Gl\u00fchbirne nicht im Lieferumfang enthalten.<\/p>\n<blockquote>\n<h2>Merkmale &amp; Eigenschaften<\/h2>\n<p><strong>Marke<\/strong> Liewood<\/p>\n<p><strong>Farbe<\/strong> Blau<\/p>\n<p><strong>Materialien<\/strong> Reispapier, epoxydisch lackiertes Metall<\/p>\n<p><strong>Gl\u00fchbirne<\/strong> LED E27<\/p>\n<p><strong>Durchmesser (cm) <\/strong>34<\/p>\n<p><strong>H\u00f6he (cm)<\/strong> 40<\/p>\n<p><b>Zertifizierung<\/b> CE<\/p><\/blockquote>\n","protected":false},"excerpt":{"rendered":"<p>Die H\u00e4ngeleuchte Emmit von Liewood ist die perfekte Wahl, um dem Kinderzimmer einen Hauch von Charme und Eleganz zu verleihen. Sorgf\u00e4ltig aus hochwertigen und langlebigen Materialien gefertigt, vereint diese H\u00e4ngeleuchte Funktionalit\u00e4t und \u00c4sthetik auf harmonische Weise. Ihr minimalistisches, skandinavisches Design f\u00fcgt sich nahtlos in jeden Einrichtungsstil ein. Diese H\u00e4ngeleuchte ist nicht nur ein dekoratives Element, [&hellip;]<\/p>\n","protected":false},"featured_media":179569,"template":"","meta":{"_acf_changed":false,"om_disable_all_campaigns":false},"product_cat":[291],"product_tag":[1252,900,1188,1265,1077,1220,816,872,1109,883,1178,403,928,1209,1092],"bundled_by":[],"bundle_stock_status":"instock","bundle_stock_quantity":4,"bundle_virtual":false,"bundle_layout":"","bundle_add_to_cart_form_location":"","bundle_editable_in_cart":false,"bundle_sold_individually_context":"","bundle_item_grouping":"","bundle_min_size":"","bundle_max_size":"","bundle_price":[],"bundled_items":[],"bundle_sell_ids":[],"acf":[],"yoast_head":"<!-- This site is optimized with the Yoast SEO Premium plugin v22.2 (Yoast SEO v22.8) - https:\/\/yoast.com\/wordpress\/plugins\/seo\/ -->\n<title>Liewood | H\u00e4ngeleuchte Emmit | Nachtlicht f\u00fcr Kinder | Ekkla<\/title>\n<meta name=\"description\" content=\"Die H\u00e4ngeleuchte Emmit von Liewood ist die perfekte Wahl, um im Kinderzimmer eine weiche und warme Atmosph\u00e4re zu schaffen.\" \/>\n<meta name=\"robots\" content=\"index, follow, max-snippet:-1, max-image-preview:large, max-video-preview:-1\" \/>\n<link rel=\"canonical\" href=\"https:\/\/ekkla.ch\/de\/produit\/hangeleuchte-emmit-o34-cm-blau-liewood\/\" \/>\n<meta property=\"og:locale\" content=\"de_DE\" \/>\n<meta property=\"og:type\" content=\"article\" \/>\n<meta property=\"og:title\" content=\"H\u00e4ngeleuchte Emmit - \u00d834 cm - Blau - Liewood\" \/>\n<meta property=\"og:description\" content=\"Die H\u00e4ngeleuchte Emmit von Liewood ist die perfekte Wahl, um im Kinderzimmer eine weiche und warme Atmosph\u00e4re zu schaffen.\" \/>\n<meta property=\"og:url\" content=\"https:\/\/ekkla.ch\/de\/produit\/hangeleuchte-emmit-o34-cm-blau-liewood\/\" \/>\n<meta property=\"og:site_name\" content=\"Ekkla\" \/>\n<meta property=\"article:modified_time\" content=\"2023-07-19T12:53:27+00:00\" \/>\n<meta property=\"og:image\" content=\"https:\/\/ekkla.ch\/wp-content\/uploads\/2023\/07\/ekkla-light-liewood-Emmit-bleu.jpg\" \/>\n\t<meta property=\"og:image:width\" content=\"900\" \/>\n\t<meta property=\"og:image:height\" content=\"900\" \/>\n\t<meta property=\"og:image:type\" content=\"image\/jpeg\" \/>\n<meta name=\"twitter:card\" content=\"summary_large_image\" \/>\n<meta name=\"twitter:label1\" content=\"Gesch\u00e4tzte Lesezeit\" \/>\n\t<meta name=\"twitter:data1\" content=\"1\u00a0Minute\" \/>\n<script type=\"application\/ld+json\" class=\"yoast-schema-graph\">{\"@context\":\"https:\/\/schema.org\",\"@graph\":[{\"@type\":\"WebPage\",\"@id\":\"https:\/\/ekkla.ch\/de\/produit\/hangeleuchte-emmit-o34-cm-blau-liewood\/\",\"url\":\"https:\/\/ekkla.ch\/de\/produit\/hangeleuchte-emmit-o34-cm-blau-liewood\/\",\"name\":\"Liewood | H\u00e4ngeleuchte Emmit | Nachtlicht f\u00fcr Kinder | Ekkla\",\"isPartOf\":{\"@id\":\"https:\/\/ekkla.ch\/#website\"},\"primaryImageOfPage\":{\"@id\":\"https:\/\/ekkla.ch\/de\/produit\/hangeleuchte-emmit-o34-cm-blau-liewood\/#primaryimage\"},\"image\":{\"@id\":\"https:\/\/ekkla.ch\/de\/produit\/hangeleuchte-emmit-o34-cm-blau-liewood\/#primaryimage\"},\"thumbnailUrl\":\"https:\/\/ekkla.ch\/wp-content\/uploads\/2023\/07\/ekkla-light-liewood-Emmit-bleu.jpg\",\"datePublished\":\"2023-07-07T10:08:39+00:00\",\"dateModified\":\"2023-07-19T12:53:27+00:00\",\"description\":\"Die H\u00e4ngeleuchte Emmit von Liewood ist die perfekte Wahl, um im Kinderzimmer eine weiche und warme Atmosph\u00e4re zu schaffen.\",\"breadcrumb\":{\"@id\":\"https:\/\/ekkla.ch\/de\/produit\/hangeleuchte-emmit-o34-cm-blau-liewood\/#breadcrumb\"},\"inLanguage\":\"de\",\"potentialAction\":[{\"@type\":\"ReadAction\",\"target\":[\"https:\/\/ekkla.ch\/de\/produit\/hangeleuchte-emmit-o34-cm-blau-liewood\/\"]}]},{\"@type\":\"ImageObject\",\"inLanguage\":\"de\",\"@id\":\"https:\/\/ekkla.ch\/de\/produit\/hangeleuchte-emmit-o34-cm-blau-liewood\/#primaryimage\",\"url\":\"https:\/\/ekkla.ch\/wp-content\/uploads\/2023\/07\/ekkla-light-liewood-Emmit-bleu.jpg\",\"contentUrl\":\"https:\/\/ekkla.ch\/wp-content\/uploads\/2023\/07\/ekkla-light-liewood-Emmit-bleu.jpg\",\"width\":900,\"height\":900},{\"@type\":\"BreadcrumbList\",\"@id\":\"https:\/\/ekkla.ch\/de\/produit\/hangeleuchte-emmit-o34-cm-blau-liewood\/#breadcrumb\",\"itemListElement\":[{\"@type\":\"ListItem\",\"position\":1,\"name\":\"Home\",\"item\":\"https:\/\/ekkla.ch\/de\/\"},{\"@type\":\"ListItem\",\"position\":2,\"name\":\"Shop\",\"item\":\"https:\/\/ekkla.ch\/de\/shop\/\"},{\"@type\":\"ListItem\",\"position\":3,\"name\":\"H\u00e4ngeleuchte Emmit &#8211; \u00d834 cm &#8211; Blau &#8211; Liewood\"}]},{\"@type\":\"WebSite\",\"@id\":\"https:\/\/ekkla.ch\/#website\",\"url\":\"https:\/\/ekkla.ch\/\",\"name\":\"Ekkla\",\"description\":\"Der Onlineshop f\u00fcr Beleuchtung\",\"publisher\":{\"@id\":\"https:\/\/ekkla.ch\/#organization\"},\"potentialAction\":[{\"@type\":\"SearchAction\",\"target\":{\"@type\":\"EntryPoint\",\"urlTemplate\":\"https:\/\/ekkla.ch\/?s={search_term_string}\"},\"query-input\":\"required name=search_term_string\"}],\"inLanguage\":\"de\"},{\"@type\":\"Organization\",\"@id\":\"https:\/\/ekkla.ch\/#organization\",\"name\":\"Ekkla\",\"url\":\"https:\/\/ekkla.ch\/\",\"logo\":{\"@type\":\"ImageObject\",\"inLanguage\":\"de\",\"@id\":\"https:\/\/ekkla.ch\/#\/schema\/logo\/image\/\",\"url\":\"http:\/\/ekkla.ch\/wp-content\/uploads\/2019\/07\/logo-1.svg\",\"contentUrl\":\"http:\/\/ekkla.ch\/wp-content\/uploads\/2019\/07\/logo-1.svg\",\"width\":1,\"height\":1,\"caption\":\"Ekkla\"},\"image\":{\"@id\":\"https:\/\/ekkla.ch\/#\/schema\/logo\/image\/\"},\"sameAs\":[\"https:\/\/www.instagram.com\/ekkla_light\/\"]}]}<\/script>\n<!-- \/ Yoast SEO Premium plugin. -->","yoast_head_json":{"title":"Liewood | H\u00e4ngeleuchte Emmit | Nachtlicht f\u00fcr Kinder | Ekkla","description":"Die H\u00e4ngeleuchte Emmit von Liewood ist die perfekte Wahl, um im Kinderzimmer eine weiche und warme Atmosph\u00e4re zu schaffen.","robots":{"index":"index","follow":"follow","max-snippet":"max-snippet:-1","max-image-preview":"max-image-preview:large","max-video-preview":"max-video-preview:-1"},"canonical":"https:\/\/ekkla.ch\/de\/produit\/hangeleuchte-emmit-o34-cm-blau-liewood\/","og_locale":"de_DE","og_type":"article","og_title":"H\u00e4ngeleuchte Emmit - \u00d834 cm - Blau - Liewood","og_description":"Die H\u00e4ngeleuchte Emmit von Liewood ist die perfekte Wahl, um im Kinderzimmer eine weiche und warme Atmosph\u00e4re zu schaffen.","og_url":"https:\/\/ekkla.ch\/de\/produit\/hangeleuchte-emmit-o34-cm-blau-liewood\/","og_site_name":"Ekkla","article_modified_time":"2023-07-19T12:53:27+00:00","og_image":[{"width":900,"height":900,"url":"https:\/\/ekkla.ch\/wp-content\/uploads\/2023\/07\/ekkla-light-liewood-Emmit-bleu.jpg","type":"image\/jpeg"}],"twitter_card":"summary_large_image","twitter_misc":{"Gesch\u00e4tzte Lesezeit":"1\u00a0Minute"},"schema":{"@context":"https:\/\/schema.org","@graph":[{"@type":"WebPage","@id":"https:\/\/ekkla.ch\/de\/produit\/hangeleuchte-emmit-o34-cm-blau-liewood\/","url":"https:\/\/ekkla.ch\/de\/produit\/hangeleuchte-emmit-o34-cm-blau-liewood\/","name":"Liewood | H\u00e4ngeleuchte Emmit | Nachtlicht f\u00fcr Kinder | Ekkla","isPartOf":{"@id":"https:\/\/ekkla.ch\/#website"},"primaryImageOfPage":{"@id":"https:\/\/ekkla.ch\/de\/produit\/hangeleuchte-emmit-o34-cm-blau-liewood\/#primaryimage"},"image":{"@id":"https:\/\/ekkla.ch\/de\/produit\/hangeleuchte-emmit-o34-cm-blau-liewood\/#primaryimage"},"thumbnailUrl":"https:\/\/ekkla.ch\/wp-content\/uploads\/2023\/07\/ekkla-light-liewood-Emmit-bleu.jpg","datePublished":"2023-07-07T10:08:39+00:00","dateModified":"2023-07-19T12:53:27+00:00","description":"Die H\u00e4ngeleuchte Emmit von Liewood ist die perfekte Wahl, um im Kinderzimmer eine weiche und warme Atmosph\u00e4re zu schaffen.","breadcrumb":{"@id":"https:\/\/ekkla.ch\/de\/produit\/hangeleuchte-emmit-o34-cm-blau-liewood\/#breadcrumb"},"inLanguage":"de","potentialAction":[{"@type":"ReadAction","target":["https:\/\/ekkla.ch\/de\/produit\/hangeleuchte-emmit-o34-cm-blau-liewood\/"]}]},{"@type":"ImageObject","inLanguage":"de","@id":"https:\/\/ekkla.ch\/de\/produit\/hangeleuchte-emmit-o34-cm-blau-liewood\/#primaryimage","url":"https:\/\/ekkla.ch\/wp-content\/uploads\/2023\/07\/ekkla-light-liewood-Emmit-bleu.jpg","contentUrl":"https:\/\/ekkla.ch\/wp-content\/uploads\/2023\/07\/ekkla-light-liewood-Emmit-bleu.jpg","width":900,"height":900},{"@type":"BreadcrumbList","@id":"https:\/\/ekkla.ch\/de\/produit\/hangeleuchte-emmit-o34-cm-blau-liewood\/#breadcrumb","itemListElement":[{"@type":"ListItem","position":1,"name":"Home","item":"https:\/\/ekkla.ch\/de\/"},{"@type":"ListItem","position":2,"name":"Shop","item":"https:\/\/ekkla.ch\/de\/shop\/"},{"@type":"ListItem","position":3,"name":"H\u00e4ngeleuchte Emmit &#8211; \u00d834 cm &#8211; Blau &#8211; Liewood"}]},{"@type":"WebSite","@id":"https:\/\/ekkla.ch\/#website","url":"https:\/\/ekkla.ch\/","name":"Ekkla","description":"Der Onlineshop f\u00fcr Beleuchtung","publisher":{"@id":"https:\/\/ekkla.ch\/#organization"},"potentialAction":[{"@type":"SearchAction","target":{"@type":"EntryPoint","urlTemplate":"https:\/\/ekkla.ch\/?s={search_term_string}"},"query-input":"required name=search_term_string"}],"inLanguage":"de"},{"@type":"Organization","@id":"https:\/\/ekkla.ch\/#organization","name":"Ekkla","url":"https:\/\/ekkla.ch\/","logo":{"@type":"ImageObject","inLanguage":"de","@id":"https:\/\/ekkla.ch\/#\/schema\/logo\/image\/","url":"http:\/\/ekkla.ch\/wp-content\/uploads\/2019\/07\/logo-1.svg","contentUrl":"http:\/\/ekkla.ch\/wp-content\/uploads\/2019\/07\/logo-1.svg","width":1,"height":1,"caption":"Ekkla"},"image":{"@id":"https:\/\/ekkla.ch\/#\/schema\/logo\/image\/"},"sameAs":["https:\/\/www.instagram.com\/ekkla_light\/"]}]}},"_links":{"self":[{"href":"https:\/\/ekkla.ch\/de\/wp-json\/wp\/v2\/product\/179302"}],"collection":[{"href":"https:\/\/ekkla.ch\/de\/wp-json\/wp\/v2\/product"}],"about":[{"href":"https:\/\/ekkla.ch\/de\/wp-json\/wp\/v2\/types\/product"}],"wp:featuredmedia":[{"embeddable":true,"href":"https:\/\/ekkla.ch\/de\/wp-json\/wp\/v2\/media\/179569"}],"wp:attachment":[{"href":"https:\/\/ekkla.ch\/de\/wp-json\/wp\/v2\/media?parent=179302"}],"wp:term":[{"taxonomy":"product_cat","embeddable":true,"href":"https:\/\/ekkla.ch\/de\/wp-json\/wp\/v2\/product_cat?post=179302"},{"taxonomy":"product_tag","embeddable":true,"href":"https:\/\/ekkla.ch\/de\/wp-json\/wp\/v2\/product_tag?post=179302"}],"curies":[{"name":"wp","href":"https:\/\/api.w.org\/{rel}","templated":true}]}}