{"id":183943,"date":"2023-10-02T14:19:00","date_gmt":"2023-10-02T12:19:00","guid":{"rendered":"https:\/\/ekkla.ch\/produit\/kabellose-leuchte-ulli-h-30-zederngrun-fermob\/"},"modified":"2023-10-02T14:49:29","modified_gmt":"2023-10-02T12:49:29","slug":"kabellose-leuchte-ulli-h-30-zederngrun-fermob","status":"publish","type":"product","link":"https:\/\/ekkla.ch\/de\/produit\/kabellose-leuchte-ulli-h-30-zederngrun-fermob\/","title":{"rendered":"Kabellose Leuchte Ulli &#8211; H.30 &#8211; Zederngr\u00fcn &#8211; Fermob"},"content":{"rendered":"<p>Fermob, seit der Erfindung der mobilen Lampe eine Referenzmarke in der Beleuchtungsbranche, \u00fcberrascht uns von Neuem mit der kabellosen LED-Lampe H30 Ulli, die originell und funktionell zugleich ist. Eine Abenteurerin, die aus der Reihe tanzt!<\/p>\n<p>Die mobile Lampe H30 Ulli erinnert an Petroleumlampen und zeichnet sich durch eine minimalistische Silhouette in kr\u00e4ftigen und kontrastreichen Farben aus. Sie wurde vom Fermob-Studio entworfen und besitzt einen nach unten gerichteten Diffusor aus Polycarbonat, der das Licht reflektiert und die Leuchtkraft der LED-Beleuchtung (220 Lm) verst\u00e4rkt. Die Struktur wird durch einen leichten und robusten Griff aus Aluminium vervollst\u00e4ndigt. Diese handliche mobile Lampe begleitet Sie bei allen Aktivit\u00e4ten. Sie bietet sich f\u00fcr Zeltabenteuer an, eignet sich aber auch f\u00fcr den Garten oder den Strand.<\/p>\n<p>Fermob hat den Schwerpunkt auf die Funktionalit\u00e4t gelegt und erneut eine mobile Lampe entwickelt, die vielseitig einsetzbar ist. Es ist kein Zufall, dass mit dem ber\u00fchrungsempfindlichen, perfekt im Sockel integrierten Dimmschalter die Intensit\u00e4t (von 10 bis 100 %) und die Farbtemperatur (3.000\u00b0K und 6.000\u00b0K) des Lichtstroms bequem reguliert werden k\u00f6nnen. Das kleine Extra? Aufladbar innerhalb von 4 Stunden mit dem Magnetsystem \u201eFermob Magnet\u201c. Wir sind von der Kombination aus Funktionalit\u00e4t und Design begeistert &#8230;<\/p>\n<p>Bei Fermob ist das \u00d6kodesign ein starker, in der DNA des Unternehmens verankerter Wert. Die kabellose mobile Lampe H30 Ulli ist sto\u00dffest (IK6), wetterfest (IP54) und auf Langlebigkeit ausgelegt. Zur zus\u00e4tzlichen Verl\u00e4ngerung der Lebensdauer ist diese autonome Leuchte zerlegbar und reparierbar. Keine Frage! Die Lampe H30 Ulli wird Sie noch lange bei Ihren Entdeckungsreisen begleiten.<\/p>\n<h2>Merkmale &amp; Eigenschaften<\/h2>\n<p><strong>\u00a0 \u00a0 \u00a0 \u00a0 \u00a0Marke\u00a0<\/strong>Fermob<\/p>\n<p><strong>\u00a0 \u00a0 \u00a0 \u00a0 \u00a0Farbe\u00a0<\/strong>Dunkelgr\u00fcn<\/p>\n<p><strong>\u00a0 \u00a0 \u00a0 \u00a0 \u00a0Materialien\u00a0<\/strong>Aluminium und Polycarbonat<\/p>\n<p><strong>\u00a0 \u00a0 \u00a0 \u00a0 \u00a0Lichtstrom (lm)<\/strong> 220<\/p>\n<p><strong>\u00a0 \u00a0 \u00a0 \u00a0 \u00a0Technologie<\/strong> LED 3W<\/p>\n<p><strong>\u00a0 \u00a0 \u00a0 \u00a0 \u00a0Leuchtdauer<\/strong> 6 bis 12 Stunden<\/p>\n<p><strong>\u00a0 \u00a0 \u00a0 \u00a0 \u00a0Ladung<\/strong>USB-Kabel Fermob magnetisch \u2013 Kabel (inbegriffen) 1,5m<\/p>\n<p><strong>\u00a0 \u00a0 \u00a0 \u00a0 \u00a0H\u00f6he (cm)\u00a0<\/strong>29,5<\/p>\n<p><strong>\u00a0 \u00a0 \u00a0 \u00a0 \u00a0Durchmesser (cm) <\/strong>18<\/p>\n<p><strong>\u00a0 \u00a0 \u00a0 \u00a0 \u00a0Gewicht (kg)\u00a0<\/strong>1,2<\/p>\n","protected":false},"excerpt":{"rendered":"<p>Fermob, seit der Erfindung der mobilen Lampe eine Referenzmarke in der Beleuchtungsbranche, \u00fcberrascht uns von Neuem mit der kabellosen LED-Lampe H30 Ulli, die originell und funktionell zugleich ist. Eine Abenteurerin, die aus der Reihe tanzt! Die mobile Lampe H30 Ulli erinnert an Petroleumlampen und zeichnet sich durch eine minimalistische Silhouette in kr\u00e4ftigen und kontrastreichen Farben [&hellip;]<\/p>\n","protected":false},"featured_media":183945,"template":"","meta":{"_acf_changed":false,"om_disable_all_campaigns":false},"product_cat":[290],"product_tag":[1248,1188,1265,1072,860,1203,872,883,403,1209],"bundled_by":[],"bundle_stock_status":"instock","bundle_stock_quantity":4,"bundle_virtual":false,"bundle_layout":"","bundle_add_to_cart_form_location":"","bundle_editable_in_cart":false,"bundle_sold_individually_context":"","bundle_item_grouping":"","bundle_min_size":"","bundle_max_size":"","bundle_price":[],"bundled_items":[],"bundle_sell_ids":[],"acf":[],"yoast_head":"<!-- This site is optimized with the Yoast SEO Premium plugin v22.2 (Yoast SEO v22.8) - https:\/\/yoast.com\/wordpress\/plugins\/seo\/ -->\n<title>Fermob | Ulli Leuchte H.30 Zederngr\u00fcn | Outdoor-Leuchte | Ekkla<\/title>\n<meta name=\"description\" content=\"Die Ulli-Lampe ist mehr als eine Nomadenlampe, sie ist ultrahandlich und eignet sich f\u00fcr eine Vielzahl von Anwendungen im Innen- und Assenbereich.\" \/>\n<meta name=\"robots\" content=\"index, follow, max-snippet:-1, max-image-preview:large, max-video-preview:-1\" \/>\n<link rel=\"canonical\" href=\"https:\/\/ekkla.ch\/de\/produit\/kabellose-leuchte-ulli-h-30-zederngrun-fermob\/\" \/>\n<meta property=\"og:locale\" content=\"de_DE\" \/>\n<meta property=\"og:type\" content=\"article\" \/>\n<meta property=\"og:title\" content=\"Kabellose Leuchte Ulli - H.30 - Zederngr\u00fcn - Fermob\" \/>\n<meta property=\"og:description\" content=\"Die Ulli-Lampe ist mehr als eine Nomadenlampe, sie ist ultrahandlich und eignet sich f\u00fcr eine Vielzahl von Anwendungen im Innen- und Assenbereich.\" \/>\n<meta property=\"og:url\" content=\"https:\/\/ekkla.ch\/de\/produit\/kabellose-leuchte-ulli-h-30-zederngrun-fermob\/\" \/>\n<meta property=\"og:site_name\" content=\"Ekkla\" \/>\n<meta property=\"article:modified_time\" content=\"2023-10-02T12:49:29+00:00\" \/>\n<meta property=\"og:image\" content=\"https:\/\/ekkla.ch\/wp-content\/uploads\/2023\/10\/ekkla-light-fermob-nouveautes-luminaires_0000_ULLI_LAMPE_H30_VERT_CEDRE_OFF_SKU_381002.jpg\" \/>\n\t<meta property=\"og:image:width\" content=\"900\" \/>\n\t<meta property=\"og:image:height\" content=\"900\" \/>\n\t<meta property=\"og:image:type\" content=\"image\/jpeg\" \/>\n<meta name=\"twitter:card\" content=\"summary_large_image\" \/>\n<meta name=\"twitter:label1\" content=\"Gesch\u00e4tzte Lesezeit\" \/>\n\t<meta name=\"twitter:data1\" content=\"1\u00a0Minute\" \/>\n<script type=\"application\/ld+json\" class=\"yoast-schema-graph\">{\"@context\":\"https:\/\/schema.org\",\"@graph\":[{\"@type\":\"WebPage\",\"@id\":\"https:\/\/ekkla.ch\/de\/produit\/kabellose-leuchte-ulli-h-30-zederngrun-fermob\/\",\"url\":\"https:\/\/ekkla.ch\/de\/produit\/kabellose-leuchte-ulli-h-30-zederngrun-fermob\/\",\"name\":\"Fermob | Ulli Leuchte H.30 Zederngr\u00fcn | Outdoor-Leuchte | Ekkla\",\"isPartOf\":{\"@id\":\"https:\/\/ekkla.ch\/#website\"},\"primaryImageOfPage\":{\"@id\":\"https:\/\/ekkla.ch\/de\/produit\/kabellose-leuchte-ulli-h-30-zederngrun-fermob\/#primaryimage\"},\"image\":{\"@id\":\"https:\/\/ekkla.ch\/de\/produit\/kabellose-leuchte-ulli-h-30-zederngrun-fermob\/#primaryimage\"},\"thumbnailUrl\":\"https:\/\/ekkla.ch\/wp-content\/uploads\/2023\/10\/ekkla-light-fermob-nouveautes-luminaires_0000_ULLI_LAMPE_H30_VERT_CEDRE_OFF_SKU_381002.jpg\",\"datePublished\":\"2023-10-02T12:19:00+00:00\",\"dateModified\":\"2023-10-02T12:49:29+00:00\",\"description\":\"Die Ulli-Lampe ist mehr als eine Nomadenlampe, sie ist ultrahandlich und eignet sich f\u00fcr eine Vielzahl von Anwendungen im Innen- und Assenbereich.\",\"breadcrumb\":{\"@id\":\"https:\/\/ekkla.ch\/de\/produit\/kabellose-leuchte-ulli-h-30-zederngrun-fermob\/#breadcrumb\"},\"inLanguage\":\"de\",\"potentialAction\":[{\"@type\":\"ReadAction\",\"target\":[\"https:\/\/ekkla.ch\/de\/produit\/kabellose-leuchte-ulli-h-30-zederngrun-fermob\/\"]}]},{\"@type\":\"ImageObject\",\"inLanguage\":\"de\",\"@id\":\"https:\/\/ekkla.ch\/de\/produit\/kabellose-leuchte-ulli-h-30-zederngrun-fermob\/#primaryimage\",\"url\":\"https:\/\/ekkla.ch\/wp-content\/uploads\/2023\/10\/ekkla-light-fermob-nouveautes-luminaires_0000_ULLI_LAMPE_H30_VERT_CEDRE_OFF_SKU_381002.jpg\",\"contentUrl\":\"https:\/\/ekkla.ch\/wp-content\/uploads\/2023\/10\/ekkla-light-fermob-nouveautes-luminaires_0000_ULLI_LAMPE_H30_VERT_CEDRE_OFF_SKU_381002.jpg\",\"width\":900,\"height\":900},{\"@type\":\"BreadcrumbList\",\"@id\":\"https:\/\/ekkla.ch\/de\/produit\/kabellose-leuchte-ulli-h-30-zederngrun-fermob\/#breadcrumb\",\"itemListElement\":[{\"@type\":\"ListItem\",\"position\":1,\"name\":\"Home\",\"item\":\"https:\/\/ekkla.ch\/de\/\"},{\"@type\":\"ListItem\",\"position\":2,\"name\":\"Shop\",\"item\":\"https:\/\/ekkla.ch\/de\/shop\/\"},{\"@type\":\"ListItem\",\"position\":3,\"name\":\"Kabellose Leuchte Ulli &#8211; H.30 &#8211; Zederngr\u00fcn &#8211; Fermob\"}]},{\"@type\":\"WebSite\",\"@id\":\"https:\/\/ekkla.ch\/#website\",\"url\":\"https:\/\/ekkla.ch\/\",\"name\":\"Ekkla\",\"description\":\"Der Onlineshop f\u00fcr Beleuchtung\",\"publisher\":{\"@id\":\"https:\/\/ekkla.ch\/#organization\"},\"potentialAction\":[{\"@type\":\"SearchAction\",\"target\":{\"@type\":\"EntryPoint\",\"urlTemplate\":\"https:\/\/ekkla.ch\/?s={search_term_string}\"},\"query-input\":\"required name=search_term_string\"}],\"inLanguage\":\"de\"},{\"@type\":\"Organization\",\"@id\":\"https:\/\/ekkla.ch\/#organization\",\"name\":\"Ekkla\",\"url\":\"https:\/\/ekkla.ch\/\",\"logo\":{\"@type\":\"ImageObject\",\"inLanguage\":\"de\",\"@id\":\"https:\/\/ekkla.ch\/#\/schema\/logo\/image\/\",\"url\":\"http:\/\/ekkla.ch\/wp-content\/uploads\/2019\/07\/logo-1.svg\",\"contentUrl\":\"http:\/\/ekkla.ch\/wp-content\/uploads\/2019\/07\/logo-1.svg\",\"width\":1,\"height\":1,\"caption\":\"Ekkla\"},\"image\":{\"@id\":\"https:\/\/ekkla.ch\/#\/schema\/logo\/image\/\"},\"sameAs\":[\"https:\/\/www.instagram.com\/ekkla_light\/\"]}]}<\/script>\n<!-- \/ Yoast SEO Premium plugin. -->","yoast_head_json":{"title":"Fermob | Ulli Leuchte H.30 Zederngr\u00fcn | Outdoor-Leuchte | Ekkla","description":"Die Ulli-Lampe ist mehr als eine Nomadenlampe, sie ist ultrahandlich und eignet sich f\u00fcr eine Vielzahl von Anwendungen im Innen- und Assenbereich.","robots":{"index":"index","follow":"follow","max-snippet":"max-snippet:-1","max-image-preview":"max-image-preview:large","max-video-preview":"max-video-preview:-1"},"canonical":"https:\/\/ekkla.ch\/de\/produit\/kabellose-leuchte-ulli-h-30-zederngrun-fermob\/","og_locale":"de_DE","og_type":"article","og_title":"Kabellose Leuchte Ulli - H.30 - Zederngr\u00fcn - Fermob","og_description":"Die Ulli-Lampe ist mehr als eine Nomadenlampe, sie ist ultrahandlich und eignet sich f\u00fcr eine Vielzahl von Anwendungen im Innen- und Assenbereich.","og_url":"https:\/\/ekkla.ch\/de\/produit\/kabellose-leuchte-ulli-h-30-zederngrun-fermob\/","og_site_name":"Ekkla","article_modified_time":"2023-10-02T12:49:29+00:00","og_image":[{"width":900,"height":900,"url":"https:\/\/ekkla.ch\/wp-content\/uploads\/2023\/10\/ekkla-light-fermob-nouveautes-luminaires_0000_ULLI_LAMPE_H30_VERT_CEDRE_OFF_SKU_381002.jpg","type":"image\/jpeg"}],"twitter_card":"summary_large_image","twitter_misc":{"Gesch\u00e4tzte Lesezeit":"1\u00a0Minute"},"schema":{"@context":"https:\/\/schema.org","@graph":[{"@type":"WebPage","@id":"https:\/\/ekkla.ch\/de\/produit\/kabellose-leuchte-ulli-h-30-zederngrun-fermob\/","url":"https:\/\/ekkla.ch\/de\/produit\/kabellose-leuchte-ulli-h-30-zederngrun-fermob\/","name":"Fermob | Ulli Leuchte H.30 Zederngr\u00fcn | Outdoor-Leuchte | Ekkla","isPartOf":{"@id":"https:\/\/ekkla.ch\/#website"},"primaryImageOfPage":{"@id":"https:\/\/ekkla.ch\/de\/produit\/kabellose-leuchte-ulli-h-30-zederngrun-fermob\/#primaryimage"},"image":{"@id":"https:\/\/ekkla.ch\/de\/produit\/kabellose-leuchte-ulli-h-30-zederngrun-fermob\/#primaryimage"},"thumbnailUrl":"https:\/\/ekkla.ch\/wp-content\/uploads\/2023\/10\/ekkla-light-fermob-nouveautes-luminaires_0000_ULLI_LAMPE_H30_VERT_CEDRE_OFF_SKU_381002.jpg","datePublished":"2023-10-02T12:19:00+00:00","dateModified":"2023-10-02T12:49:29+00:00","description":"Die Ulli-Lampe ist mehr als eine Nomadenlampe, sie ist ultrahandlich und eignet sich f\u00fcr eine Vielzahl von Anwendungen im Innen- und Assenbereich.","breadcrumb":{"@id":"https:\/\/ekkla.ch\/de\/produit\/kabellose-leuchte-ulli-h-30-zederngrun-fermob\/#breadcrumb"},"inLanguage":"de","potentialAction":[{"@type":"ReadAction","target":["https:\/\/ekkla.ch\/de\/produit\/kabellose-leuchte-ulli-h-30-zederngrun-fermob\/"]}]},{"@type":"ImageObject","inLanguage":"de","@id":"https:\/\/ekkla.ch\/de\/produit\/kabellose-leuchte-ulli-h-30-zederngrun-fermob\/#primaryimage","url":"https:\/\/ekkla.ch\/wp-content\/uploads\/2023\/10\/ekkla-light-fermob-nouveautes-luminaires_0000_ULLI_LAMPE_H30_VERT_CEDRE_OFF_SKU_381002.jpg","contentUrl":"https:\/\/ekkla.ch\/wp-content\/uploads\/2023\/10\/ekkla-light-fermob-nouveautes-luminaires_0000_ULLI_LAMPE_H30_VERT_CEDRE_OFF_SKU_381002.jpg","width":900,"height":900},{"@type":"BreadcrumbList","@id":"https:\/\/ekkla.ch\/de\/produit\/kabellose-leuchte-ulli-h-30-zederngrun-fermob\/#breadcrumb","itemListElement":[{"@type":"ListItem","position":1,"name":"Home","item":"https:\/\/ekkla.ch\/de\/"},{"@type":"ListItem","position":2,"name":"Shop","item":"https:\/\/ekkla.ch\/de\/shop\/"},{"@type":"ListItem","position":3,"name":"Kabellose Leuchte Ulli &#8211; H.30 &#8211; Zederngr\u00fcn &#8211; Fermob"}]},{"@type":"WebSite","@id":"https:\/\/ekkla.ch\/#website","url":"https:\/\/ekkla.ch\/","name":"Ekkla","description":"Der Onlineshop f\u00fcr Beleuchtung","publisher":{"@id":"https:\/\/ekkla.ch\/#organization"},"potentialAction":[{"@type":"SearchAction","target":{"@type":"EntryPoint","urlTemplate":"https:\/\/ekkla.ch\/?s={search_term_string}"},"query-input":"required name=search_term_string"}],"inLanguage":"de"},{"@type":"Organization","@id":"https:\/\/ekkla.ch\/#organization","name":"Ekkla","url":"https:\/\/ekkla.ch\/","logo":{"@type":"ImageObject","inLanguage":"de","@id":"https:\/\/ekkla.ch\/#\/schema\/logo\/image\/","url":"http:\/\/ekkla.ch\/wp-content\/uploads\/2019\/07\/logo-1.svg","contentUrl":"http:\/\/ekkla.ch\/wp-content\/uploads\/2019\/07\/logo-1.svg","width":1,"height":1,"caption":"Ekkla"},"image":{"@id":"https:\/\/ekkla.ch\/#\/schema\/logo\/image\/"},"sameAs":["https:\/\/www.instagram.com\/ekkla_light\/"]}]}},"_links":{"self":[{"href":"https:\/\/ekkla.ch\/de\/wp-json\/wp\/v2\/product\/183943"}],"collection":[{"href":"https:\/\/ekkla.ch\/de\/wp-json\/wp\/v2\/product"}],"about":[{"href":"https:\/\/ekkla.ch\/de\/wp-json\/wp\/v2\/types\/product"}],"wp:featuredmedia":[{"embeddable":true,"href":"https:\/\/ekkla.ch\/de\/wp-json\/wp\/v2\/media\/183945"}],"wp:attachment":[{"href":"https:\/\/ekkla.ch\/de\/wp-json\/wp\/v2\/media?parent=183943"}],"wp:term":[{"taxonomy":"product_cat","embeddable":true,"href":"https:\/\/ekkla.ch\/de\/wp-json\/wp\/v2\/product_cat?post=183943"},{"taxonomy":"product_tag","embeddable":true,"href":"https:\/\/ekkla.ch\/de\/wp-json\/wp\/v2\/product_tag?post=183943"}],"curies":[{"name":"wp","href":"https:\/\/api.w.org\/{rel}","templated":true}]}}