{"id":207848,"date":"2025-07-24T11:52:18","date_gmt":"2025-07-24T09:52:19","guid":{"rendered":"https:\/\/ekkla.ch\/?post_type=product&#038;p=207848"},"modified":"2025-07-24T13:15:05","modified_gmt":"2025-07-24T11:15:05","slug":"sessel-rico-soft-boucle-ferm-living-copie","status":"publish","type":"product","link":"https:\/\/ekkla.ch\/de\/produit\/sessel-rico-soft-boucle-ferm-living-copie\/","title":{"rendered":"Sessel Buur- Nordic boucl\u00e9 &#8211; Ferm Living"},"content":{"rendered":"<p>Die Buur-Kollektion vereint Kurven und Volumen in einem klassischen Design, das durch seine sanften Linien und seine einh\u00fcllende Ausdruckskraft gekennzeichnet ist. Der Sessel zeichnet sich durch einen zeitlosen und bequemen Bezug aus Boucl\u00e9-Stoff aus, der aus ungleichen F\u00e4den gewebt ist, um eine reiche und gekr\u00e4uselte Oberfl\u00e4chentextur zu schaffen. Mit seiner geschwungenen Form verk\u00f6rpert diese Serie eine moderne Fusion von Komfort und Eleganz und verleiht jedem Raum eine warme Note.<\/p>\n<h2>Merkmale &amp; Eigenschaften<\/h2>\n<p style=\"font-weight: 400;\"><strong>Marke<\/strong> Ferm Living<\/p>\n<p style=\"font-weight: 400;\"><strong>Farben<\/strong> Off White<\/p>\n<p style=\"font-weight: 400;\"><strong>Material<\/strong> Material: Nordic Boucl\u00e9. 30 % Wolle, 30 % Acryl, 30 % Baumwolle, 5 % Polyester und 5 % sonstige Fasern. Sitz\/R\u00fcckenlehne: Holzstruktur mit hochelastischem PU-Schaum und Polyesterwatte. Armlehnen: Dunkel gebeiztes Eichenfurnier. FSC\u2122 Mix-zertifiziertes Holz.<\/p>\n<p style=\"font-weight: 400;\"><strong>L\u00e4nge (cm) <\/strong>87<\/p>\n<p style=\"font-weight: 400;\"><strong>H\u00f6he (cm) <\/strong>87<\/p>\n<p><strong>Sitzh\u00f6he (cm)<\/strong>: 52<\/p>\n<p><strong>R\u00fcckenlehnenh\u00f6he (cm)<\/strong>: 57<\/p>\n<p style=\"font-weight: 400;\"><strong>Gewicht (kg)<\/strong> 20<\/p>\n","protected":false},"excerpt":{"rendered":"<p>Die Buur-Kollektion vereint Kurven und Volumen in einem klassischen Design, das durch seine sanften Linien und seine einh\u00fcllende Ausdruckskraft gekennzeichnet ist. Der Sessel zeichnet sich durch einen zeitlosen und bequemen Bezug aus Boucl\u00e9-Stoff aus, der aus ungleichen F\u00e4den gewebt ist, um eine reiche und gekr\u00e4uselte Oberfl\u00e4chentextur zu schaffen. Mit seiner geschwungenen Form verk\u00f6rpert diese Serie [&hellip;]<\/p>\n","protected":false},"featured_media":207850,"template":"","meta":{"_acf_changed":false,"om_disable_all_campaigns":false},"product_cat":[964,972],"product_tag":[1250,896,1188,1265,816,403],"bundled_by":[],"bundle_stock_status":"instock","bundle_stock_quantity":1,"bundle_virtual":false,"bundle_layout":"","bundle_add_to_cart_form_location":"","bundle_editable_in_cart":false,"bundle_sold_individually_context":"","bundle_item_grouping":"","bundle_min_size":"","bundle_max_size":"","bundle_price":[],"bundled_items":[],"bundle_sell_ids":[],"acf":[],"yoast_head":"<!-- This site is optimized with the Yoast SEO Premium plugin v22.2 (Yoast SEO v22.8) - https:\/\/yoast.com\/wordpress\/plugins\/seo\/ -->\n<title>Sessel Buur| Nordic boucl\u00e9 | Ferm Living | Ekkla<\/title>\n<meta name=\"description\" content=\"Entdecken Sie den Loungesessel Buur x ferm LIVING, eine harmonische Verschmelzung von modernem d\u00e4nischem Design und zeitloser Eleganz.\" \/>\n<meta name=\"robots\" content=\"index, follow, max-snippet:-1, max-image-preview:large, max-video-preview:-1\" \/>\n<link rel=\"canonical\" href=\"https:\/\/ekkla.ch\/de\/produit\/sessel-rico-soft-boucle-ferm-living-copie\/\" \/>\n<meta property=\"og:locale\" content=\"de_DE\" \/>\n<meta property=\"og:type\" content=\"article\" \/>\n<meta property=\"og:title\" content=\"Sessel Buur- Nordic boucl\u00e9 - Ferm Living\" \/>\n<meta property=\"og:description\" content=\"Entdecken Sie den Loungesessel Buur x ferm LIVING, eine harmonische Verschmelzung von modernem d\u00e4nischem Design und zeitloser Eleganz.\" \/>\n<meta property=\"og:url\" content=\"https:\/\/ekkla.ch\/de\/produit\/sessel-rico-soft-boucle-ferm-living-copie\/\" \/>\n<meta property=\"og:site_name\" content=\"Ekkla\" \/>\n<meta property=\"article:modified_time\" content=\"2025-07-24T11:15:05+00:00\" \/>\n<meta property=\"og:image\" content=\"https:\/\/ekkla.ch\/wp-content\/uploads\/2025\/07\/1.jpg\" \/>\n\t<meta property=\"og:image:width\" content=\"1000\" \/>\n\t<meta property=\"og:image:height\" content=\"1000\" \/>\n\t<meta property=\"og:image:type\" content=\"image\/jpeg\" \/>\n<meta name=\"twitter:card\" content=\"summary_large_image\" \/>\n<meta name=\"twitter:label1\" content=\"Gesch\u00e4tzte Lesezeit\" \/>\n\t<meta name=\"twitter:data1\" content=\"1\u00a0Minute\" \/>\n<script type=\"application\/ld+json\" class=\"yoast-schema-graph\">{\"@context\":\"https:\/\/schema.org\",\"@graph\":[{\"@type\":\"WebPage\",\"@id\":\"https:\/\/ekkla.ch\/de\/produit\/sessel-rico-soft-boucle-ferm-living-copie\/\",\"url\":\"https:\/\/ekkla.ch\/de\/produit\/sessel-rico-soft-boucle-ferm-living-copie\/\",\"name\":\"Sessel Buur| Nordic boucl\u00e9 | Ferm Living | Ekkla\",\"isPartOf\":{\"@id\":\"https:\/\/ekkla.ch\/#website\"},\"primaryImageOfPage\":{\"@id\":\"https:\/\/ekkla.ch\/de\/produit\/sessel-rico-soft-boucle-ferm-living-copie\/#primaryimage\"},\"image\":{\"@id\":\"https:\/\/ekkla.ch\/de\/produit\/sessel-rico-soft-boucle-ferm-living-copie\/#primaryimage\"},\"thumbnailUrl\":\"https:\/\/ekkla.ch\/wp-content\/uploads\/2025\/07\/1.jpg\",\"datePublished\":\"2025-07-24T09:52:19+00:00\",\"dateModified\":\"2025-07-24T11:15:05+00:00\",\"description\":\"Entdecken Sie den Loungesessel Buur x ferm LIVING, eine harmonische Verschmelzung von modernem d\u00e4nischem Design und zeitloser Eleganz.\",\"breadcrumb\":{\"@id\":\"https:\/\/ekkla.ch\/de\/produit\/sessel-rico-soft-boucle-ferm-living-copie\/#breadcrumb\"},\"inLanguage\":\"de\",\"potentialAction\":[{\"@type\":\"ReadAction\",\"target\":[\"https:\/\/ekkla.ch\/de\/produit\/sessel-rico-soft-boucle-ferm-living-copie\/\"]}]},{\"@type\":\"ImageObject\",\"inLanguage\":\"de\",\"@id\":\"https:\/\/ekkla.ch\/de\/produit\/sessel-rico-soft-boucle-ferm-living-copie\/#primaryimage\",\"url\":\"https:\/\/ekkla.ch\/wp-content\/uploads\/2025\/07\/1.jpg\",\"contentUrl\":\"https:\/\/ekkla.ch\/wp-content\/uploads\/2025\/07\/1.jpg\",\"width\":1000,\"height\":1000},{\"@type\":\"BreadcrumbList\",\"@id\":\"https:\/\/ekkla.ch\/de\/produit\/sessel-rico-soft-boucle-ferm-living-copie\/#breadcrumb\",\"itemListElement\":[{\"@type\":\"ListItem\",\"position\":1,\"name\":\"Home\",\"item\":\"https:\/\/ekkla.ch\/de\/\"},{\"@type\":\"ListItem\",\"position\":2,\"name\":\"Shop\",\"item\":\"https:\/\/ekkla.ch\/de\/shop\/\"},{\"@type\":\"ListItem\",\"position\":3,\"name\":\"Sessel Buur- Nordic boucl\u00e9 &#8211; Ferm Living\"}]},{\"@type\":\"WebSite\",\"@id\":\"https:\/\/ekkla.ch\/#website\",\"url\":\"https:\/\/ekkla.ch\/\",\"name\":\"Ekkla\",\"description\":\"Der Onlineshop f\u00fcr Beleuchtung\",\"publisher\":{\"@id\":\"https:\/\/ekkla.ch\/#organization\"},\"potentialAction\":[{\"@type\":\"SearchAction\",\"target\":{\"@type\":\"EntryPoint\",\"urlTemplate\":\"https:\/\/ekkla.ch\/?s={search_term_string}\"},\"query-input\":\"required name=search_term_string\"}],\"inLanguage\":\"de\"},{\"@type\":\"Organization\",\"@id\":\"https:\/\/ekkla.ch\/#organization\",\"name\":\"Ekkla\",\"url\":\"https:\/\/ekkla.ch\/\",\"logo\":{\"@type\":\"ImageObject\",\"inLanguage\":\"de\",\"@id\":\"https:\/\/ekkla.ch\/#\/schema\/logo\/image\/\",\"url\":\"http:\/\/ekkla.ch\/wp-content\/uploads\/2019\/07\/logo-1.svg\",\"contentUrl\":\"http:\/\/ekkla.ch\/wp-content\/uploads\/2019\/07\/logo-1.svg\",\"width\":1,\"height\":1,\"caption\":\"Ekkla\"},\"image\":{\"@id\":\"https:\/\/ekkla.ch\/#\/schema\/logo\/image\/\"},\"sameAs\":[\"https:\/\/www.instagram.com\/ekkla_light\/\"]}]}<\/script>\n<!-- \/ Yoast SEO Premium plugin. -->","yoast_head_json":{"title":"Sessel Buur| Nordic boucl\u00e9 | Ferm Living | Ekkla","description":"Entdecken Sie den Loungesessel Buur x ferm LIVING, eine harmonische Verschmelzung von modernem d\u00e4nischem Design und zeitloser Eleganz.","robots":{"index":"index","follow":"follow","max-snippet":"max-snippet:-1","max-image-preview":"max-image-preview:large","max-video-preview":"max-video-preview:-1"},"canonical":"https:\/\/ekkla.ch\/de\/produit\/sessel-rico-soft-boucle-ferm-living-copie\/","og_locale":"de_DE","og_type":"article","og_title":"Sessel Buur- Nordic boucl\u00e9 - Ferm Living","og_description":"Entdecken Sie den Loungesessel Buur x ferm LIVING, eine harmonische Verschmelzung von modernem d\u00e4nischem Design und zeitloser Eleganz.","og_url":"https:\/\/ekkla.ch\/de\/produit\/sessel-rico-soft-boucle-ferm-living-copie\/","og_site_name":"Ekkla","article_modified_time":"2025-07-24T11:15:05+00:00","og_image":[{"width":1000,"height":1000,"url":"https:\/\/ekkla.ch\/wp-content\/uploads\/2025\/07\/1.jpg","type":"image\/jpeg"}],"twitter_card":"summary_large_image","twitter_misc":{"Gesch\u00e4tzte Lesezeit":"1\u00a0Minute"},"schema":{"@context":"https:\/\/schema.org","@graph":[{"@type":"WebPage","@id":"https:\/\/ekkla.ch\/de\/produit\/sessel-rico-soft-boucle-ferm-living-copie\/","url":"https:\/\/ekkla.ch\/de\/produit\/sessel-rico-soft-boucle-ferm-living-copie\/","name":"Sessel Buur| Nordic boucl\u00e9 | Ferm Living | Ekkla","isPartOf":{"@id":"https:\/\/ekkla.ch\/#website"},"primaryImageOfPage":{"@id":"https:\/\/ekkla.ch\/de\/produit\/sessel-rico-soft-boucle-ferm-living-copie\/#primaryimage"},"image":{"@id":"https:\/\/ekkla.ch\/de\/produit\/sessel-rico-soft-boucle-ferm-living-copie\/#primaryimage"},"thumbnailUrl":"https:\/\/ekkla.ch\/wp-content\/uploads\/2025\/07\/1.jpg","datePublished":"2025-07-24T09:52:19+00:00","dateModified":"2025-07-24T11:15:05+00:00","description":"Entdecken Sie den Loungesessel Buur x ferm LIVING, eine harmonische Verschmelzung von modernem d\u00e4nischem Design und zeitloser Eleganz.","breadcrumb":{"@id":"https:\/\/ekkla.ch\/de\/produit\/sessel-rico-soft-boucle-ferm-living-copie\/#breadcrumb"},"inLanguage":"de","potentialAction":[{"@type":"ReadAction","target":["https:\/\/ekkla.ch\/de\/produit\/sessel-rico-soft-boucle-ferm-living-copie\/"]}]},{"@type":"ImageObject","inLanguage":"de","@id":"https:\/\/ekkla.ch\/de\/produit\/sessel-rico-soft-boucle-ferm-living-copie\/#primaryimage","url":"https:\/\/ekkla.ch\/wp-content\/uploads\/2025\/07\/1.jpg","contentUrl":"https:\/\/ekkla.ch\/wp-content\/uploads\/2025\/07\/1.jpg","width":1000,"height":1000},{"@type":"BreadcrumbList","@id":"https:\/\/ekkla.ch\/de\/produit\/sessel-rico-soft-boucle-ferm-living-copie\/#breadcrumb","itemListElement":[{"@type":"ListItem","position":1,"name":"Home","item":"https:\/\/ekkla.ch\/de\/"},{"@type":"ListItem","position":2,"name":"Shop","item":"https:\/\/ekkla.ch\/de\/shop\/"},{"@type":"ListItem","position":3,"name":"Sessel Buur- Nordic boucl\u00e9 &#8211; Ferm Living"}]},{"@type":"WebSite","@id":"https:\/\/ekkla.ch\/#website","url":"https:\/\/ekkla.ch\/","name":"Ekkla","description":"Der Onlineshop f\u00fcr Beleuchtung","publisher":{"@id":"https:\/\/ekkla.ch\/#organization"},"potentialAction":[{"@type":"SearchAction","target":{"@type":"EntryPoint","urlTemplate":"https:\/\/ekkla.ch\/?s={search_term_string}"},"query-input":"required name=search_term_string"}],"inLanguage":"de"},{"@type":"Organization","@id":"https:\/\/ekkla.ch\/#organization","name":"Ekkla","url":"https:\/\/ekkla.ch\/","logo":{"@type":"ImageObject","inLanguage":"de","@id":"https:\/\/ekkla.ch\/#\/schema\/logo\/image\/","url":"http:\/\/ekkla.ch\/wp-content\/uploads\/2019\/07\/logo-1.svg","contentUrl":"http:\/\/ekkla.ch\/wp-content\/uploads\/2019\/07\/logo-1.svg","width":1,"height":1,"caption":"Ekkla"},"image":{"@id":"https:\/\/ekkla.ch\/#\/schema\/logo\/image\/"},"sameAs":["https:\/\/www.instagram.com\/ekkla_light\/"]}]}},"_links":{"self":[{"href":"https:\/\/ekkla.ch\/de\/wp-json\/wp\/v2\/product\/207848"}],"collection":[{"href":"https:\/\/ekkla.ch\/de\/wp-json\/wp\/v2\/product"}],"about":[{"href":"https:\/\/ekkla.ch\/de\/wp-json\/wp\/v2\/types\/product"}],"wp:featuredmedia":[{"embeddable":true,"href":"https:\/\/ekkla.ch\/de\/wp-json\/wp\/v2\/media\/207850"}],"wp:attachment":[{"href":"https:\/\/ekkla.ch\/de\/wp-json\/wp\/v2\/media?parent=207848"}],"wp:term":[{"taxonomy":"product_cat","embeddable":true,"href":"https:\/\/ekkla.ch\/de\/wp-json\/wp\/v2\/product_cat?post=207848"},{"taxonomy":"product_tag","embeddable":true,"href":"https:\/\/ekkla.ch\/de\/wp-json\/wp\/v2\/product_tag?post=207848"}],"curies":[{"name":"wp","href":"https:\/\/api.w.org\/{rel}","templated":true}]}}