{"id":67071,"date":"2021-04-15T17:05:45","date_gmt":"2021-04-15T15:05:46","guid":{"rendered":"https:\/\/ekkla.ch\/?post_type=product&#038;p=67071"},"modified":"2024-08-21T15:02:20","modified_gmt":"2024-08-21T13:02:20","slug":"philips-led-e14-gluhbirne-mit-vertikalem-gluhfaden","status":"publish","type":"product","link":"https:\/\/ekkla.ch\/de\/produit\/philips-led-e14-gluhbirne-mit-vertikalem-gluhfaden\/","title":{"rendered":"LED-Gl\u00fchbirne Philips E14 mit vertikalem Gl\u00fchfaden"},"content":{"rendered":"<div class=\"lmt__inner_textarea_container\" title=\"Cliquez sur un mot pour voir les autres traductions possibles\">\n<div class=\"lmt__textarea_base_style\">Eine klassische E14-LED-Gl\u00fchbirne, ideal f\u00fcr die Verwendung mit einem Lampenschirm. Die warmweisse Farbe und die Lumenintensit\u00e4t sorgen f\u00fcr eine optimale Lichtqualit\u00e4t. Diese Gl\u00fchbirne ist perfekt f\u00fcr eine Nachttischleuchte, eine Schreibtischleuchte oder eine H\u00e4ngeleuchte mit mehreren Lichtquellen.<\/div>\n<\/div>\n<blockquote>\n<h2>Merkmale &amp; Eigenschaften<\/h2>\n<p><strong>Marke<\/strong> Philips<\/p>\n<p><strong>Farbe<\/strong>\u00a0Durchsichtig<\/p>\n<p><strong>Material<\/strong>\u00a0Glas<\/p>\n<p><strong>Filamenttyp<\/strong>\u00a0LED<\/p>\n<p><strong>Lichtfarbe (k)<\/strong> 2700<\/p>\n<p><strong>Leistung (W)<\/strong>\u00a04,3 (40W)<\/p>\n<p><strong>Fassung\u00a0<\/strong>E14<\/p>\n<p><strong>Durchmesser (cm)<\/strong> 4,5<\/p>\n<p><strong>H\u00f6he (cm)<\/strong> 8,2<\/p>\n<p><strong>Energieeffizienz<\/strong>\u00a0A++<\/p>\n<p><strong>Variable Lichtintensit\u00e4t (dimmbar) <\/strong>Nein<\/p><\/blockquote>\n","protected":false},"excerpt":{"rendered":"<p>Eine klassische E14-LED-Gl\u00fchbirne, ideal f\u00fcr die Verwendung mit einem Lampenschirm. Die warmweisse Farbe und die Lumenintensit\u00e4t sorgen f\u00fcr eine optimale Lichtqualit\u00e4t. Diese Gl\u00fchbirne ist perfekt f\u00fcr eine Nachttischleuchte, eine Schreibtischleuchte oder eine H\u00e4ngeleuchte mit mehreren Lichtquellen. Merkmale &amp; Eigenschaften Marke Philips Farbe\u00a0Durchsichtig Material\u00a0Glas Filamenttyp\u00a0LED Lichtfarbe (k) 2700 Leistung (W)\u00a04,3 (40W) Fassung\u00a0E14 Durchmesser (cm) 4,5 H\u00f6he [&hellip;]<\/p>\n","protected":false},"featured_media":67615,"template":"","meta":{"_acf_changed":false,"om_disable_all_campaigns":false},"product_cat":[285],"product_tag":[554,307,816,1109,883],"bundled_by":[],"bundle_stock_status":"onbackorder","bundle_stock_quantity":0,"bundle_virtual":false,"bundle_layout":"","bundle_add_to_cart_form_location":"","bundle_editable_in_cart":false,"bundle_sold_individually_context":"","bundle_item_grouping":"","bundle_min_size":"","bundle_max_size":"","bundle_price":[],"bundled_items":[],"bundle_sell_ids":[],"acf":[],"yoast_head":"<!-- This site is optimized with the Yoast SEO Premium plugin v22.2 (Yoast SEO v22.8) - https:\/\/yoast.com\/wordpress\/plugins\/seo\/ -->\n<title>Philips klassische vertikale Gl\u00fchbirne| LED | Fassung E14 | Ekkla<\/title>\n<meta name=\"description\" content=\"Eine klassische LED-Gl\u00fchbirne f\u00fcr eine Leuchte mit Schirm. Warmweisse Farbe, gute Lichtwiedergabequalit\u00e4t und Lumenintensit\u00e4t.\" \/>\n<meta name=\"robots\" content=\"index, follow, max-snippet:-1, max-image-preview:large, max-video-preview:-1\" \/>\n<link rel=\"canonical\" href=\"https:\/\/ekkla.ch\/de\/produit\/philips-led-e14-gluhbirne-mit-vertikalem-gluhfaden\/\" \/>\n<meta property=\"og:locale\" content=\"de_DE\" \/>\n<meta property=\"og:type\" content=\"article\" \/>\n<meta property=\"og:title\" content=\"LED-Gl\u00fchbirne Philips E14 mit vertikalem Gl\u00fchfaden\" \/>\n<meta property=\"og:description\" content=\"Eine klassische LED-Gl\u00fchbirne f\u00fcr eine Leuchte mit Schirm. Warmweisse Farbe, gute Lichtwiedergabequalit\u00e4t und Lumenintensit\u00e4t.\" \/>\n<meta property=\"og:url\" content=\"https:\/\/ekkla.ch\/de\/produit\/philips-led-e14-gluhbirne-mit-vertikalem-gluhfaden\/\" \/>\n<meta property=\"og:site_name\" content=\"Ekkla\" \/>\n<meta property=\"article:modified_time\" content=\"2024-08-21T13:02:20+00:00\" \/>\n<meta property=\"og:image\" content=\"https:\/\/ekkla.ch\/wp-content\/uploads\/2021\/04\/8718699665586.jpg\" \/>\n\t<meta property=\"og:image:width\" content=\"592\" \/>\n\t<meta property=\"og:image:height\" content=\"592\" \/>\n\t<meta property=\"og:image:type\" content=\"image\/jpeg\" \/>\n<meta name=\"twitter:card\" content=\"summary_large_image\" \/>\n<meta name=\"twitter:label1\" content=\"Gesch\u00e4tzte Lesezeit\" \/>\n\t<meta name=\"twitter:data1\" content=\"1\u00a0Minute\" \/>\n<script type=\"application\/ld+json\" class=\"yoast-schema-graph\">{\"@context\":\"https:\/\/schema.org\",\"@graph\":[{\"@type\":\"WebPage\",\"@id\":\"https:\/\/ekkla.ch\/de\/produit\/philips-led-e14-gluhbirne-mit-vertikalem-gluhfaden\/\",\"url\":\"https:\/\/ekkla.ch\/de\/produit\/philips-led-e14-gluhbirne-mit-vertikalem-gluhfaden\/\",\"name\":\"Philips klassische vertikale Gl\u00fchbirne| LED | Fassung E14 | Ekkla\",\"isPartOf\":{\"@id\":\"https:\/\/ekkla.ch\/#website\"},\"primaryImageOfPage\":{\"@id\":\"https:\/\/ekkla.ch\/de\/produit\/philips-led-e14-gluhbirne-mit-vertikalem-gluhfaden\/#primaryimage\"},\"image\":{\"@id\":\"https:\/\/ekkla.ch\/de\/produit\/philips-led-e14-gluhbirne-mit-vertikalem-gluhfaden\/#primaryimage\"},\"thumbnailUrl\":\"https:\/\/ekkla.ch\/wp-content\/uploads\/2021\/04\/8718699665586.jpg\",\"datePublished\":\"2021-04-15T15:05:46+00:00\",\"dateModified\":\"2024-08-21T13:02:20+00:00\",\"description\":\"Eine klassische LED-Gl\u00fchbirne f\u00fcr eine Leuchte mit Schirm. Warmweisse Farbe, gute Lichtwiedergabequalit\u00e4t und Lumenintensit\u00e4t.\",\"breadcrumb\":{\"@id\":\"https:\/\/ekkla.ch\/de\/produit\/philips-led-e14-gluhbirne-mit-vertikalem-gluhfaden\/#breadcrumb\"},\"inLanguage\":\"de\",\"potentialAction\":[{\"@type\":\"ReadAction\",\"target\":[\"https:\/\/ekkla.ch\/de\/produit\/philips-led-e14-gluhbirne-mit-vertikalem-gluhfaden\/\"]}]},{\"@type\":\"ImageObject\",\"inLanguage\":\"de\",\"@id\":\"https:\/\/ekkla.ch\/de\/produit\/philips-led-e14-gluhbirne-mit-vertikalem-gluhfaden\/#primaryimage\",\"url\":\"https:\/\/ekkla.ch\/wp-content\/uploads\/2021\/04\/8718699665586.jpg\",\"contentUrl\":\"https:\/\/ekkla.ch\/wp-content\/uploads\/2021\/04\/8718699665586.jpg\",\"width\":592,\"height\":592,\"caption\":\"ampoule LED philips E14\"},{\"@type\":\"BreadcrumbList\",\"@id\":\"https:\/\/ekkla.ch\/de\/produit\/philips-led-e14-gluhbirne-mit-vertikalem-gluhfaden\/#breadcrumb\",\"itemListElement\":[{\"@type\":\"ListItem\",\"position\":1,\"name\":\"Home\",\"item\":\"https:\/\/ekkla.ch\/de\/\"},{\"@type\":\"ListItem\",\"position\":2,\"name\":\"Shop\",\"item\":\"https:\/\/ekkla.ch\/de\/shop\/\"},{\"@type\":\"ListItem\",\"position\":3,\"name\":\"LED-Gl\u00fchbirne Philips E14 mit vertikalem Gl\u00fchfaden\"}]},{\"@type\":\"WebSite\",\"@id\":\"https:\/\/ekkla.ch\/#website\",\"url\":\"https:\/\/ekkla.ch\/\",\"name\":\"Ekkla\",\"description\":\"Der Onlineshop f\u00fcr Beleuchtung\",\"publisher\":{\"@id\":\"https:\/\/ekkla.ch\/#organization\"},\"potentialAction\":[{\"@type\":\"SearchAction\",\"target\":{\"@type\":\"EntryPoint\",\"urlTemplate\":\"https:\/\/ekkla.ch\/?s={search_term_string}\"},\"query-input\":\"required name=search_term_string\"}],\"inLanguage\":\"de\"},{\"@type\":\"Organization\",\"@id\":\"https:\/\/ekkla.ch\/#organization\",\"name\":\"Ekkla\",\"url\":\"https:\/\/ekkla.ch\/\",\"logo\":{\"@type\":\"ImageObject\",\"inLanguage\":\"de\",\"@id\":\"https:\/\/ekkla.ch\/#\/schema\/logo\/image\/\",\"url\":\"http:\/\/ekkla.ch\/wp-content\/uploads\/2019\/07\/logo-1.svg\",\"contentUrl\":\"http:\/\/ekkla.ch\/wp-content\/uploads\/2019\/07\/logo-1.svg\",\"width\":1,\"height\":1,\"caption\":\"Ekkla\"},\"image\":{\"@id\":\"https:\/\/ekkla.ch\/#\/schema\/logo\/image\/\"},\"sameAs\":[\"https:\/\/www.instagram.com\/ekkla_light\/\"]}]}<\/script>\n<!-- \/ Yoast SEO Premium plugin. -->","yoast_head_json":{"title":"Philips klassische vertikale Gl\u00fchbirne| LED | Fassung E14 | Ekkla","description":"Eine klassische LED-Gl\u00fchbirne f\u00fcr eine Leuchte mit Schirm. Warmweisse Farbe, gute Lichtwiedergabequalit\u00e4t und Lumenintensit\u00e4t.","robots":{"index":"index","follow":"follow","max-snippet":"max-snippet:-1","max-image-preview":"max-image-preview:large","max-video-preview":"max-video-preview:-1"},"canonical":"https:\/\/ekkla.ch\/de\/produit\/philips-led-e14-gluhbirne-mit-vertikalem-gluhfaden\/","og_locale":"de_DE","og_type":"article","og_title":"LED-Gl\u00fchbirne Philips E14 mit vertikalem Gl\u00fchfaden","og_description":"Eine klassische LED-Gl\u00fchbirne f\u00fcr eine Leuchte mit Schirm. Warmweisse Farbe, gute Lichtwiedergabequalit\u00e4t und Lumenintensit\u00e4t.","og_url":"https:\/\/ekkla.ch\/de\/produit\/philips-led-e14-gluhbirne-mit-vertikalem-gluhfaden\/","og_site_name":"Ekkla","article_modified_time":"2024-08-21T13:02:20+00:00","og_image":[{"width":592,"height":592,"url":"https:\/\/ekkla.ch\/wp-content\/uploads\/2021\/04\/8718699665586.jpg","type":"image\/jpeg"}],"twitter_card":"summary_large_image","twitter_misc":{"Gesch\u00e4tzte Lesezeit":"1\u00a0Minute"},"schema":{"@context":"https:\/\/schema.org","@graph":[{"@type":"WebPage","@id":"https:\/\/ekkla.ch\/de\/produit\/philips-led-e14-gluhbirne-mit-vertikalem-gluhfaden\/","url":"https:\/\/ekkla.ch\/de\/produit\/philips-led-e14-gluhbirne-mit-vertikalem-gluhfaden\/","name":"Philips klassische vertikale Gl\u00fchbirne| LED | Fassung E14 | Ekkla","isPartOf":{"@id":"https:\/\/ekkla.ch\/#website"},"primaryImageOfPage":{"@id":"https:\/\/ekkla.ch\/de\/produit\/philips-led-e14-gluhbirne-mit-vertikalem-gluhfaden\/#primaryimage"},"image":{"@id":"https:\/\/ekkla.ch\/de\/produit\/philips-led-e14-gluhbirne-mit-vertikalem-gluhfaden\/#primaryimage"},"thumbnailUrl":"https:\/\/ekkla.ch\/wp-content\/uploads\/2021\/04\/8718699665586.jpg","datePublished":"2021-04-15T15:05:46+00:00","dateModified":"2024-08-21T13:02:20+00:00","description":"Eine klassische LED-Gl\u00fchbirne f\u00fcr eine Leuchte mit Schirm. Warmweisse Farbe, gute Lichtwiedergabequalit\u00e4t und Lumenintensit\u00e4t.","breadcrumb":{"@id":"https:\/\/ekkla.ch\/de\/produit\/philips-led-e14-gluhbirne-mit-vertikalem-gluhfaden\/#breadcrumb"},"inLanguage":"de","potentialAction":[{"@type":"ReadAction","target":["https:\/\/ekkla.ch\/de\/produit\/philips-led-e14-gluhbirne-mit-vertikalem-gluhfaden\/"]}]},{"@type":"ImageObject","inLanguage":"de","@id":"https:\/\/ekkla.ch\/de\/produit\/philips-led-e14-gluhbirne-mit-vertikalem-gluhfaden\/#primaryimage","url":"https:\/\/ekkla.ch\/wp-content\/uploads\/2021\/04\/8718699665586.jpg","contentUrl":"https:\/\/ekkla.ch\/wp-content\/uploads\/2021\/04\/8718699665586.jpg","width":592,"height":592,"caption":"ampoule LED philips E14"},{"@type":"BreadcrumbList","@id":"https:\/\/ekkla.ch\/de\/produit\/philips-led-e14-gluhbirne-mit-vertikalem-gluhfaden\/#breadcrumb","itemListElement":[{"@type":"ListItem","position":1,"name":"Home","item":"https:\/\/ekkla.ch\/de\/"},{"@type":"ListItem","position":2,"name":"Shop","item":"https:\/\/ekkla.ch\/de\/shop\/"},{"@type":"ListItem","position":3,"name":"LED-Gl\u00fchbirne Philips E14 mit vertikalem Gl\u00fchfaden"}]},{"@type":"WebSite","@id":"https:\/\/ekkla.ch\/#website","url":"https:\/\/ekkla.ch\/","name":"Ekkla","description":"Der Onlineshop f\u00fcr Beleuchtung","publisher":{"@id":"https:\/\/ekkla.ch\/#organization"},"potentialAction":[{"@type":"SearchAction","target":{"@type":"EntryPoint","urlTemplate":"https:\/\/ekkla.ch\/?s={search_term_string}"},"query-input":"required name=search_term_string"}],"inLanguage":"de"},{"@type":"Organization","@id":"https:\/\/ekkla.ch\/#organization","name":"Ekkla","url":"https:\/\/ekkla.ch\/","logo":{"@type":"ImageObject","inLanguage":"de","@id":"https:\/\/ekkla.ch\/#\/schema\/logo\/image\/","url":"http:\/\/ekkla.ch\/wp-content\/uploads\/2019\/07\/logo-1.svg","contentUrl":"http:\/\/ekkla.ch\/wp-content\/uploads\/2019\/07\/logo-1.svg","width":1,"height":1,"caption":"Ekkla"},"image":{"@id":"https:\/\/ekkla.ch\/#\/schema\/logo\/image\/"},"sameAs":["https:\/\/www.instagram.com\/ekkla_light\/"]}]}},"_links":{"self":[{"href":"https:\/\/ekkla.ch\/de\/wp-json\/wp\/v2\/product\/67071"}],"collection":[{"href":"https:\/\/ekkla.ch\/de\/wp-json\/wp\/v2\/product"}],"about":[{"href":"https:\/\/ekkla.ch\/de\/wp-json\/wp\/v2\/types\/product"}],"wp:featuredmedia":[{"embeddable":true,"href":"https:\/\/ekkla.ch\/de\/wp-json\/wp\/v2\/media\/67615"}],"wp:attachment":[{"href":"https:\/\/ekkla.ch\/de\/wp-json\/wp\/v2\/media?parent=67071"}],"wp:term":[{"taxonomy":"product_cat","embeddable":true,"href":"https:\/\/ekkla.ch\/de\/wp-json\/wp\/v2\/product_cat?post=67071"},{"taxonomy":"product_tag","embeddable":true,"href":"https:\/\/ekkla.ch\/de\/wp-json\/wp\/v2\/product_tag?post=67071"}],"curies":[{"name":"wp","href":"https:\/\/api.w.org\/{rel}","templated":true}]}}