{"id":9331,"date":"2019-06-29T18:38:21","date_gmt":"2019-06-29T16:38:21","guid":{"rendered":"https:\/\/ekkla.ch\/produit\/festliche-gluhbirne-schwarz\/"},"modified":"2022-03-01T17:10:07","modified_gmt":"2022-03-01T16:10:07","slug":"festliche-gluehbirne-schwarz","status":"publish","type":"product","link":"https:\/\/ekkla.ch\/de\/produit\/festliche-gluehbirne-schwarz\/","title":{"rendered":"Festliche Gl\u00fchbirne schwarz"},"content":{"rendered":"<p>Wer hat gesagt, dass eine Gl\u00fchbirne nicht auch ein dekoratives Element sein kann? Durch die im Inneren verborgene Lichtgirlande erleuchtet diese Gl\u00fchbirne Ihr Zuhause und passt perfekt in die Vorweihnachtszeit. Eine Gl\u00fchbirne mit vielen Facetten, die in vielen Bereichen eingesetzt werden kann, f\u00fcr H\u00e4ngeleuchten, Tischleuchten, Wandleuchten&#8230;<\/p>\n<blockquote>\n<h2 style=\"text-align: left;\">Merkmale und Eigenschaften<\/h2>\n<p style=\"text-align: left;\"><strong>Material<\/strong> Glas<\/p>\n<p style=\"text-align: left;\"><strong>Farbe<\/strong> Schwarz<\/p>\n<p style=\"text-align: left;\"><strong>Filamentform<\/strong> Lichterkette<\/p>\n<p style=\"text-align: left;\"><strong>Filamenttyp<\/strong> LED<\/p>\n<p style=\"text-align: left;\"><strong>Leistung (W)<\/strong>\u00a01,5<\/p>\n<p style=\"text-align: left;\"><strong>Sockel<\/strong>\u00a0E27<\/p>\n<p style=\"text-align: left;\"><strong>Durchmesser (cm)<\/strong>\u00a09,5<\/p>\n<p style=\"text-align: left;\"><strong>H\u00f6he (cm)<\/strong> 13,80<\/p>\n<p style=\"text-align: left;\"><strong>Energieeffizient<\/strong>\u00a0A<\/p>\n<\/blockquote>\n","protected":false},"excerpt":{"rendered":"<p>Wer hat gesagt, dass eine Gl\u00fchbirne nicht auch ein dekoratives Element sein kann? Durch die im Inneren verborgene Lichtgirlande erleuchtet diese Gl\u00fchbirne Ihr Zuhause und passt perfekt in die Vorweihnachtszeit. Eine Gl\u00fchbirne mit vielen Facetten, die in vielen Bereichen eingesetzt werden kann, f\u00fcr H\u00e4ngeleuchten, Tischleuchten, Wandleuchten&#8230; Merkmale und Eigenschaften Material Glas Farbe Schwarz Filamentform Lichterkette [&hellip;]<\/p>\n","protected":false},"featured_media":62035,"template":"","meta":{"_acf_changed":false,"om_disable_all_campaigns":false},"product_cat":[285],"product_tag":[554,816],"bundled_by":[],"bundle_stock_status":"onbackorder","bundle_stock_quantity":null,"bundle_virtual":false,"bundle_layout":"","bundle_add_to_cart_form_location":"","bundle_editable_in_cart":false,"bundle_sold_individually_context":"","bundle_item_grouping":"","bundle_min_size":"","bundle_max_size":"","bundle_price":[],"bundled_items":[],"bundle_sell_ids":[],"acf":[],"yoast_head":"<!-- This site is optimized with the Yoast SEO Premium plugin v22.2 (Yoast SEO v22.8) - https:\/\/yoast.com\/wordpress\/plugins\/seo\/ -->\n<title>Festliche Gl\u00fchbirne schwarz | Sockel E27 | LED-Technologie | Ekkla<\/title>\n<meta name=\"description\" content=\"Eine Gl\u00fchbirne mit LED-Lichterkette im Inneren, die echtes ein echtes Dekoelement ist und eine festliche Stimmung in Ihr Zuhause zaubert. Basis E27.\" \/>\n<meta name=\"robots\" content=\"index, follow, max-snippet:-1, max-image-preview:large, max-video-preview:-1\" \/>\n<link rel=\"canonical\" href=\"https:\/\/ekkla.ch\/de\/produit\/festliche-gluehbirne-schwarz\/\" \/>\n<meta property=\"og:locale\" content=\"de_DE\" \/>\n<meta property=\"og:type\" content=\"article\" \/>\n<meta property=\"og:title\" content=\"Festliche Gl\u00fchbirne schwarz\" \/>\n<meta property=\"og:description\" content=\"Eine Gl\u00fchbirne mit LED-Lichterkette im Inneren, die echtes ein echtes Dekoelement ist und eine festliche Stimmung in Ihr Zuhause zaubert. Basis E27.\" \/>\n<meta property=\"og:url\" content=\"https:\/\/ekkla.ch\/de\/produit\/festliche-gluehbirne-schwarz\/\" \/>\n<meta property=\"og:site_name\" content=\"Ekkla\" \/>\n<meta property=\"article:modified_time\" content=\"2022-03-01T16:10:07+00:00\" \/>\n<meta property=\"og:image\" content=\"https:\/\/ekkla.ch\/wp-content\/uploads\/2019\/06\/363-34_1.jpg\" \/>\n\t<meta property=\"og:image:width\" content=\"592\" \/>\n\t<meta property=\"og:image:height\" content=\"592\" \/>\n\t<meta property=\"og:image:type\" content=\"image\/jpeg\" \/>\n<meta name=\"twitter:card\" content=\"summary_large_image\" \/>\n<script type=\"application\/ld+json\" class=\"yoast-schema-graph\">{\"@context\":\"https:\/\/schema.org\",\"@graph\":[{\"@type\":\"WebPage\",\"@id\":\"https:\/\/ekkla.ch\/de\/produit\/festliche-gluehbirne-schwarz\/\",\"url\":\"https:\/\/ekkla.ch\/de\/produit\/festliche-gluehbirne-schwarz\/\",\"name\":\"Festliche Gl\u00fchbirne schwarz | Sockel E27 | LED-Technologie | Ekkla\",\"isPartOf\":{\"@id\":\"https:\/\/ekkla.ch\/#website\"},\"primaryImageOfPage\":{\"@id\":\"https:\/\/ekkla.ch\/de\/produit\/festliche-gluehbirne-schwarz\/#primaryimage\"},\"image\":{\"@id\":\"https:\/\/ekkla.ch\/de\/produit\/festliche-gluehbirne-schwarz\/#primaryimage\"},\"thumbnailUrl\":\"https:\/\/ekkla.ch\/wp-content\/uploads\/2019\/06\/363-34_1.jpg\",\"datePublished\":\"2019-06-29T16:38:21+00:00\",\"dateModified\":\"2022-03-01T16:10:07+00:00\",\"description\":\"Eine Gl\u00fchbirne mit LED-Lichterkette im Inneren, die echtes ein echtes Dekoelement ist und eine festliche Stimmung in Ihr Zuhause zaubert. Basis E27.\",\"breadcrumb\":{\"@id\":\"https:\/\/ekkla.ch\/de\/produit\/festliche-gluehbirne-schwarz\/#breadcrumb\"},\"inLanguage\":\"de\",\"potentialAction\":[{\"@type\":\"ReadAction\",\"target\":[\"https:\/\/ekkla.ch\/de\/produit\/festliche-gluehbirne-schwarz\/\"]}]},{\"@type\":\"ImageObject\",\"inLanguage\":\"de\",\"@id\":\"https:\/\/ekkla.ch\/de\/produit\/festliche-gluehbirne-schwarz\/#primaryimage\",\"url\":\"https:\/\/ekkla.ch\/wp-content\/uploads\/2019\/06\/363-34_1.jpg\",\"contentUrl\":\"https:\/\/ekkla.ch\/wp-content\/uploads\/2019\/06\/363-34_1.jpg\",\"width\":592,\"height\":592,\"caption\":\"Ampoule festive noir\"},{\"@type\":\"BreadcrumbList\",\"@id\":\"https:\/\/ekkla.ch\/de\/produit\/festliche-gluehbirne-schwarz\/#breadcrumb\",\"itemListElement\":[{\"@type\":\"ListItem\",\"position\":1,\"name\":\"Home\",\"item\":\"https:\/\/ekkla.ch\/de\/\"},{\"@type\":\"ListItem\",\"position\":2,\"name\":\"Shop\",\"item\":\"https:\/\/ekkla.ch\/de\/shop\/\"},{\"@type\":\"ListItem\",\"position\":3,\"name\":\"Festliche Gl\u00fchbirne schwarz\"}]},{\"@type\":\"WebSite\",\"@id\":\"https:\/\/ekkla.ch\/#website\",\"url\":\"https:\/\/ekkla.ch\/\",\"name\":\"Ekkla\",\"description\":\"Der Onlineshop f\u00fcr Beleuchtung\",\"publisher\":{\"@id\":\"https:\/\/ekkla.ch\/#organization\"},\"potentialAction\":[{\"@type\":\"SearchAction\",\"target\":{\"@type\":\"EntryPoint\",\"urlTemplate\":\"https:\/\/ekkla.ch\/?s={search_term_string}\"},\"query-input\":\"required name=search_term_string\"}],\"inLanguage\":\"de\"},{\"@type\":\"Organization\",\"@id\":\"https:\/\/ekkla.ch\/#organization\",\"name\":\"Ekkla\",\"url\":\"https:\/\/ekkla.ch\/\",\"logo\":{\"@type\":\"ImageObject\",\"inLanguage\":\"de\",\"@id\":\"https:\/\/ekkla.ch\/#\/schema\/logo\/image\/\",\"url\":\"http:\/\/ekkla.ch\/wp-content\/uploads\/2019\/07\/logo-1.svg\",\"contentUrl\":\"http:\/\/ekkla.ch\/wp-content\/uploads\/2019\/07\/logo-1.svg\",\"width\":1,\"height\":1,\"caption\":\"Ekkla\"},\"image\":{\"@id\":\"https:\/\/ekkla.ch\/#\/schema\/logo\/image\/\"},\"sameAs\":[\"https:\/\/www.instagram.com\/ekkla_light\/\"]}]}<\/script>\n<!-- \/ Yoast SEO Premium plugin. -->","yoast_head_json":{"title":"Festliche Gl\u00fchbirne schwarz | Sockel E27 | LED-Technologie | Ekkla","description":"Eine Gl\u00fchbirne mit LED-Lichterkette im Inneren, die echtes ein echtes Dekoelement ist und eine festliche Stimmung in Ihr Zuhause zaubert. Basis E27.","robots":{"index":"index","follow":"follow","max-snippet":"max-snippet:-1","max-image-preview":"max-image-preview:large","max-video-preview":"max-video-preview:-1"},"canonical":"https:\/\/ekkla.ch\/de\/produit\/festliche-gluehbirne-schwarz\/","og_locale":"de_DE","og_type":"article","og_title":"Festliche Gl\u00fchbirne schwarz","og_description":"Eine Gl\u00fchbirne mit LED-Lichterkette im Inneren, die echtes ein echtes Dekoelement ist und eine festliche Stimmung in Ihr Zuhause zaubert. Basis E27.","og_url":"https:\/\/ekkla.ch\/de\/produit\/festliche-gluehbirne-schwarz\/","og_site_name":"Ekkla","article_modified_time":"2022-03-01T16:10:07+00:00","og_image":[{"width":592,"height":592,"url":"https:\/\/ekkla.ch\/wp-content\/uploads\/2019\/06\/363-34_1.jpg","type":"image\/jpeg"}],"twitter_card":"summary_large_image","schema":{"@context":"https:\/\/schema.org","@graph":[{"@type":"WebPage","@id":"https:\/\/ekkla.ch\/de\/produit\/festliche-gluehbirne-schwarz\/","url":"https:\/\/ekkla.ch\/de\/produit\/festliche-gluehbirne-schwarz\/","name":"Festliche Gl\u00fchbirne schwarz | Sockel E27 | LED-Technologie | Ekkla","isPartOf":{"@id":"https:\/\/ekkla.ch\/#website"},"primaryImageOfPage":{"@id":"https:\/\/ekkla.ch\/de\/produit\/festliche-gluehbirne-schwarz\/#primaryimage"},"image":{"@id":"https:\/\/ekkla.ch\/de\/produit\/festliche-gluehbirne-schwarz\/#primaryimage"},"thumbnailUrl":"https:\/\/ekkla.ch\/wp-content\/uploads\/2019\/06\/363-34_1.jpg","datePublished":"2019-06-29T16:38:21+00:00","dateModified":"2022-03-01T16:10:07+00:00","description":"Eine Gl\u00fchbirne mit LED-Lichterkette im Inneren, die echtes ein echtes Dekoelement ist und eine festliche Stimmung in Ihr Zuhause zaubert. Basis E27.","breadcrumb":{"@id":"https:\/\/ekkla.ch\/de\/produit\/festliche-gluehbirne-schwarz\/#breadcrumb"},"inLanguage":"de","potentialAction":[{"@type":"ReadAction","target":["https:\/\/ekkla.ch\/de\/produit\/festliche-gluehbirne-schwarz\/"]}]},{"@type":"ImageObject","inLanguage":"de","@id":"https:\/\/ekkla.ch\/de\/produit\/festliche-gluehbirne-schwarz\/#primaryimage","url":"https:\/\/ekkla.ch\/wp-content\/uploads\/2019\/06\/363-34_1.jpg","contentUrl":"https:\/\/ekkla.ch\/wp-content\/uploads\/2019\/06\/363-34_1.jpg","width":592,"height":592,"caption":"Ampoule festive noir"},{"@type":"BreadcrumbList","@id":"https:\/\/ekkla.ch\/de\/produit\/festliche-gluehbirne-schwarz\/#breadcrumb","itemListElement":[{"@type":"ListItem","position":1,"name":"Home","item":"https:\/\/ekkla.ch\/de\/"},{"@type":"ListItem","position":2,"name":"Shop","item":"https:\/\/ekkla.ch\/de\/shop\/"},{"@type":"ListItem","position":3,"name":"Festliche Gl\u00fchbirne schwarz"}]},{"@type":"WebSite","@id":"https:\/\/ekkla.ch\/#website","url":"https:\/\/ekkla.ch\/","name":"Ekkla","description":"Der Onlineshop f\u00fcr Beleuchtung","publisher":{"@id":"https:\/\/ekkla.ch\/#organization"},"potentialAction":[{"@type":"SearchAction","target":{"@type":"EntryPoint","urlTemplate":"https:\/\/ekkla.ch\/?s={search_term_string}"},"query-input":"required name=search_term_string"}],"inLanguage":"de"},{"@type":"Organization","@id":"https:\/\/ekkla.ch\/#organization","name":"Ekkla","url":"https:\/\/ekkla.ch\/","logo":{"@type":"ImageObject","inLanguage":"de","@id":"https:\/\/ekkla.ch\/#\/schema\/logo\/image\/","url":"http:\/\/ekkla.ch\/wp-content\/uploads\/2019\/07\/logo-1.svg","contentUrl":"http:\/\/ekkla.ch\/wp-content\/uploads\/2019\/07\/logo-1.svg","width":1,"height":1,"caption":"Ekkla"},"image":{"@id":"https:\/\/ekkla.ch\/#\/schema\/logo\/image\/"},"sameAs":["https:\/\/www.instagram.com\/ekkla_light\/"]}]}},"_links":{"self":[{"href":"https:\/\/ekkla.ch\/de\/wp-json\/wp\/v2\/product\/9331"}],"collection":[{"href":"https:\/\/ekkla.ch\/de\/wp-json\/wp\/v2\/product"}],"about":[{"href":"https:\/\/ekkla.ch\/de\/wp-json\/wp\/v2\/types\/product"}],"wp:featuredmedia":[{"embeddable":true,"href":"https:\/\/ekkla.ch\/de\/wp-json\/wp\/v2\/media\/62035"}],"wp:attachment":[{"href":"https:\/\/ekkla.ch\/de\/wp-json\/wp\/v2\/media?parent=9331"}],"wp:term":[{"taxonomy":"product_cat","embeddable":true,"href":"https:\/\/ekkla.ch\/de\/wp-json\/wp\/v2\/product_cat?post=9331"},{"taxonomy":"product_tag","embeddable":true,"href":"https:\/\/ekkla.ch\/de\/wp-json\/wp\/v2\/product_tag?post=9331"}],"curies":[{"name":"wp","href":"https:\/\/api.w.org\/{rel}","templated":true}]}}